{"id":5737,"date":"2024-02-15T16:21:33","date_gmt":"2024-02-15T15:21:33","guid":{"rendered":"https:\/\/pureti.es\/?page_id=5737"},"modified":"2024-02-16T01:47:03","modified_gmt":"2024-02-16T00:47:03","slug":"newsletter-anteriores","status":"publish","type":"page","link":"https:\/\/pureti.es\/en\/newsletter-anteriores\/","title":{"rendered":"Previous Newsletters"},"content":{"rendered":"<div data-elementor-type=\"wp-page\" data-elementor-id=\"5737\" class=\"elementor elementor-5737\" data-elementor-post-type=\"page\">\n\t\t\t\t\t\t<section class=\"elementor-section elementor-top-section elementor-element elementor-element-b560034 elementor-section-boxed elementor-section-height-default elementor-section-height-default\" data-id=\"b560034\" data-element_type=\"section\" data-e-type=\"section\">\n\t\t\t\t\t\t<div class=\"elementor-container elementor-column-gap-default\">\n\t\t\t\t\t<div class=\"elementor-column elementor-col-100 elementor-top-column elementor-element elementor-element-8125d7d\" data-id=\"8125d7d\" data-element_type=\"column\" data-e-type=\"column\">\n\t\t\t<div class=\"elementor-widget-wrap elementor-element-populated\">\n\t\t\t\t\t\t<div class=\"elementor-element elementor-element-4564180 elementor-widget elementor-widget-heading\" data-id=\"4564180\" data-element_type=\"widget\" data-e-type=\"widget\" data-widget_type=\"heading.default\">\n\t\t\t\t<div class=\"elementor-widget-container\">\n\t\t\t\t\t<h1 class=\"elementor-heading-title elementor-size-default\">Previous Newsletters<\/h1>\t\t\t\t<\/div>\n\t\t\t\t<\/div>\n\t\t\t\t<div class=\"elementor-element elementor-element-6ed35ad elementor-grid-3 elementor-grid-tablet-2 elementor-grid-mobile-1 elementor-posts--thumbnail-top elementor-widget elementor-widget-posts\" data-id=\"6ed35ad\" data-element_type=\"widget\" data-e-type=\"widget\" data-settings=\"{&quot;classic_row_gap&quot;:{&quot;unit&quot;:&quot;px&quot;,&quot;size&quot;:50,&quot;sizes&quot;:[]},&quot;pagination_type&quot;:&quot;numbers&quot;,&quot;classic_columns&quot;:&quot;3&quot;,&quot;classic_columns_tablet&quot;:&quot;2&quot;,&quot;classic_columns_mobile&quot;:&quot;1&quot;,&quot;classic_row_gap_tablet&quot;:{&quot;unit&quot;:&quot;px&quot;,&quot;size&quot;:&quot;&quot;,&quot;sizes&quot;:[]},&quot;classic_row_gap_mobile&quot;:{&quot;unit&quot;:&quot;px&quot;,&quot;size&quot;:&quot;&quot;,&quot;sizes&quot;:[]}}\" data-widget_type=\"posts.classic\">\n\t\t\t\t<div class=\"elementor-widget-container\">\n\t\t\t\t\t\t\t<div class=\"elementor-posts-container elementor-posts elementor-posts--skin-classic elementor-grid\" role=\"list\">\n\t\t\t\t<article class=\"elementor-post elementor-grid-item post-6508 post type-post status-publish format-standard has-post-thumbnail hentry category-newsletter entry has-media\" role=\"listitem\">\n\t\t\t\t<a class=\"elementor-post__thumbnail__link\" href=\"https:\/\/pureti.es\/en\/pureti-transforma-la-limpieza\/\" tabindex=\"-1\">\n\t\t\t<div class=\"elementor-post__thumbnail\"><img fetchpriority=\"high\" decoding=\"async\" width=\"600\" height=\"184\" src=\"https:\/\/pureti.es\/wp-content\/uploads\/2023\/12\/5bca79e2-f719-4a10-a1a3-a304b982f83c.jpg\" class=\"attachment-medium size-medium wp-image-5823\" alt=\"\" srcset=\"https:\/\/pureti.es\/wp-content\/uploads\/2023\/12\/5bca79e2-f719-4a10-a1a3-a304b982f83c.jpg 600w, https:\/\/pureti.es\/wp-content\/uploads\/2023\/12\/5bca79e2-f719-4a10-a1a3-a304b982f83c-150x46.jpg 150w, https:\/\/pureti.es\/wp-content\/uploads\/2023\/12\/5bca79e2-f719-4a10-a1a3-a304b982f83c-18x6.jpg 18w\" sizes=\"(max-width: 600px) 100vw, 600px\" \/><\/div>\n\t\t<\/a>\n\t\t\t\t<div class=\"elementor-post__text\">\n\t\t\t\t<h3 class=\"elementor-post__title\">\n\t\t\t<a href=\"https:\/\/pureti.es\/en\/pureti-transforma-la-limpieza\/\">\n\t\t\t\tPURETi Transforma la Limpieza\t\t\t<\/a>\n\t\t<\/h3>\n\t\t\t\t<div class=\"elementor-post__meta-data\">\n\t\t\t\t\t<span class=\"elementor-post-date\">\n\t\t\t22\/04\/2026\t\t<\/span>\n\t\t\t\t<\/div>\n\t\t\t\t<div class=\"elementor-post__excerpt\">\n\t\t\t<p>PURETi Transforma la Limpieza \u00bfLimpiar sin detergentes? \u00a1Con PURETi es Posible! 22&nbsp;de abril&nbsp;de 2026 April&nbsp; 22th, 2026 \u00bfLimpiar Sin Detergentes? \u00a1Con PURETi es Posible! La transformaci\u00f3n de la limpieza&#8230; Durante a\u00f1os hemos pensado en la limpieza como una acci\u00f3n mec\u00e1nica o qu\u00edmica: detergentes, desinfectantes, energ\u00eda. Hoy en d\u00eda, la tecnolog\u00eda fotocatal\u00edtica cambia el paradigma. Los tratamientos de PURETi transforman superficies<\/p>\n\t\t<\/div>\n\t\t\n\t\t<a class=\"elementor-post__read-more\" href=\"https:\/\/pureti.es\/en\/pureti-transforma-la-limpieza\/\" aria-label=\"Read more about PURETi Transforma la Limpieza\" tabindex=\"-1\">\n\t\t\tLeer m\u00e1s \u00bb\t\t<\/a>\n\n\t\t\t\t<\/div>\n\t\t\t\t<\/article>\n\t\t\t\t<article class=\"elementor-post elementor-grid-item post-6507 post type-post status-publish format-standard has-post-thumbnail hentry category-newsletter entry has-media\" role=\"listitem\">\n\t\t\t\t<a class=\"elementor-post__thumbnail__link\" href=\"https:\/\/pureti.es\/en\/pureti-en-el-nuevo-palasport-de-genova\/\" tabindex=\"-1\">\n\t\t\t<div class=\"elementor-post__thumbnail\"><img fetchpriority=\"high\" decoding=\"async\" width=\"600\" height=\"184\" src=\"https:\/\/pureti.es\/wp-content\/uploads\/2023\/12\/5bca79e2-f719-4a10-a1a3-a304b982f83c.jpg\" class=\"attachment-medium size-medium wp-image-5823\" alt=\"\" srcset=\"https:\/\/pureti.es\/wp-content\/uploads\/2023\/12\/5bca79e2-f719-4a10-a1a3-a304b982f83c.jpg 600w, https:\/\/pureti.es\/wp-content\/uploads\/2023\/12\/5bca79e2-f719-4a10-a1a3-a304b982f83c-150x46.jpg 150w, https:\/\/pureti.es\/wp-content\/uploads\/2023\/12\/5bca79e2-f719-4a10-a1a3-a304b982f83c-18x6.jpg 18w\" sizes=\"(max-width: 600px) 100vw, 600px\" \/><\/div>\n\t\t<\/a>\n\t\t\t\t<div class=\"elementor-post__text\">\n\t\t\t\t<h3 class=\"elementor-post__title\">\n\t\t\t<a href=\"https:\/\/pureti.es\/en\/pureti-en-el-nuevo-palasport-de-genova\/\">\n\t\t\t\tPURETi en el Nuevo Palasport de G\u00e9nova\t\t\t<\/a>\n\t\t<\/h3>\n\t\t\t\t<div class=\"elementor-post__meta-data\">\n\t\t\t\t\t<span class=\"elementor-post-date\">\n\t\t\t14\/04\/2026\t\t<\/span>\n\t\t\t\t<\/div>\n\t\t\t\t<div class=\"elementor-post__excerpt\">\n\t\t\t<p>PURETi en el Nuevo Palasport de G\u00e9nova 14 de abril&nbsp;de 2026 April&nbsp; 14th, 2026 PURETi en el Nuevo Palasport de&nbsp;G\u00e9nova&nbsp; Una visi\u00f3n que transforma, un espacio que renace. Se ha inaugurado oficialmente el nuevo Palasport del Puerto del Levante, un lugar que vuelve a respirar.&nbsp;Devuelto a la ciudad gracias a la visi\u00f3n del Ayuntamiento de G\u00e9nova, RPBW \u2013 Renzo Piano<\/p>\n\t\t<\/div>\n\t\t\n\t\t<a class=\"elementor-post__read-more\" href=\"https:\/\/pureti.es\/en\/pureti-en-el-nuevo-palasport-de-genova\/\" aria-label=\"Read more about PURETi en el Nuevo Palasport de G\u00e9nova\" tabindex=\"-1\">\n\t\t\tLeer m\u00e1s \u00bb\t\t<\/a>\n\n\t\t\t\t<\/div>\n\t\t\t\t<\/article>\n\t\t\t\t<article class=\"elementor-post elementor-grid-item post-6506 post type-post status-publish format-standard has-post-thumbnail hentry category-newsletter entry has-media\" role=\"listitem\">\n\t\t\t\t<a class=\"elementor-post__thumbnail__link\" href=\"https:\/\/pureti.es\/en\/fotocatalisis-y-movilidad-aeroportuaria-pureti-en-los-buses-shuttle-de-malpensa-y-linate-del-grupo\/\" tabindex=\"-1\">\n\t\t\t<div class=\"elementor-post__thumbnail\"><img fetchpriority=\"high\" decoding=\"async\" width=\"600\" height=\"184\" src=\"https:\/\/pureti.es\/wp-content\/uploads\/2023\/12\/5bca79e2-f719-4a10-a1a3-a304b982f83c.jpg\" class=\"attachment-medium size-medium wp-image-5823\" alt=\"\" srcset=\"https:\/\/pureti.es\/wp-content\/uploads\/2023\/12\/5bca79e2-f719-4a10-a1a3-a304b982f83c.jpg 600w, https:\/\/pureti.es\/wp-content\/uploads\/2023\/12\/5bca79e2-f719-4a10-a1a3-a304b982f83c-150x46.jpg 150w, https:\/\/pureti.es\/wp-content\/uploads\/2023\/12\/5bca79e2-f719-4a10-a1a3-a304b982f83c-18x6.jpg 18w\" sizes=\"(max-width: 600px) 100vw, 600px\" \/><\/div>\n\t\t<\/a>\n\t\t\t\t<div class=\"elementor-post__text\">\n\t\t\t\t<h3 class=\"elementor-post__title\">\n\t\t\t<a href=\"https:\/\/pureti.es\/en\/fotocatalisis-y-movilidad-aeroportuaria-pureti-en-los-buses-shuttle-de-malpensa-y-linate-del-grupo\/\">\n\t\t\t\tFotocat\u00e1lisis y movilidad aeroportuaria: PURETi en los buses Shuttle de Malpensa y Linate del Grupo\t\t\t<\/a>\n\t\t<\/h3>\n\t\t\t\t<div class=\"elementor-post__meta-data\">\n\t\t\t\t\t<span class=\"elementor-post-date\">\n\t\t\t07\/04\/2026\t\t<\/span>\n\t\t\t\t<\/div>\n\t\t\t\t<div class=\"elementor-post__excerpt\">\n\t\t\t<p>Fotocat\u00e1lisis y movilidad aeroportuaria: PURETi en los buses Shuttle de Malpensa y Linate del Grupo AirPullman 07 de abril&nbsp;de 2026 April 7th, 2026 Fotocat\u00e1lisis y movilidad aeroportuaria: PURETi en los buses Shuttle de Malpensa y Linate del Grupo AirPullman La fotocat\u00e1lisis aplicada al transporte p\u00fablico representa hoy una de las soluciones m\u00e1s avanzadas para mejorar la higiene de los espacios,<\/p>\n\t\t<\/div>\n\t\t\n\t\t<a class=\"elementor-post__read-more\" href=\"https:\/\/pureti.es\/en\/fotocatalisis-y-movilidad-aeroportuaria-pureti-en-los-buses-shuttle-de-malpensa-y-linate-del-grupo\/\" aria-label=\"Read more about Fotocat\u00e1lisis y movilidad aeroportuaria: PURETi en los buses Shuttle de Malpensa y Linate del Grupo\" tabindex=\"-1\">\n\t\t\tLeer m\u00e1s \u00bb\t\t<\/a>\n\n\t\t\t\t<\/div>\n\t\t\t\t<\/article>\n\t\t\t\t<article class=\"elementor-post elementor-grid-item post-6504 post type-post status-publish format-standard has-post-thumbnail hentry category-newsletter entry has-media\" role=\"listitem\">\n\t\t\t\t<a class=\"elementor-post__thumbnail__link\" href=\"https:\/\/pureti.es\/en\/resistencia-al-lavado\/\" tabindex=\"-1\">\n\t\t\t<div class=\"elementor-post__thumbnail\"><img fetchpriority=\"high\" decoding=\"async\" width=\"600\" height=\"184\" src=\"https:\/\/pureti.es\/wp-content\/uploads\/2023\/12\/5bca79e2-f719-4a10-a1a3-a304b982f83c.jpg\" class=\"attachment-medium size-medium wp-image-5823\" alt=\"\" srcset=\"https:\/\/pureti.es\/wp-content\/uploads\/2023\/12\/5bca79e2-f719-4a10-a1a3-a304b982f83c.jpg 600w, https:\/\/pureti.es\/wp-content\/uploads\/2023\/12\/5bca79e2-f719-4a10-a1a3-a304b982f83c-150x46.jpg 150w, https:\/\/pureti.es\/wp-content\/uploads\/2023\/12\/5bca79e2-f719-4a10-a1a3-a304b982f83c-18x6.jpg 18w\" sizes=\"(max-width: 600px) 100vw, 600px\" \/><\/div>\n\t\t<\/a>\n\t\t\t\t<div class=\"elementor-post__text\">\n\t\t\t\t<h3 class=\"elementor-post__title\">\n\t\t\t<a href=\"https:\/\/pureti.es\/en\/resistencia-al-lavado\/\">\n\t\t\t\tResistencia al Lavado\t\t\t<\/a>\n\t\t<\/h3>\n\t\t\t\t<div class=\"elementor-post__meta-data\">\n\t\t\t\t\t<span class=\"elementor-post-date\">\n\t\t\t27\/03\/2026\t\t<\/span>\n\t\t\t\t<\/div>\n\t\t\t\t<div class=\"elementor-post__excerpt\">\n\t\t\t<p>PURETi Coat 4.0 Visible Light resistente a lavados 27 de marzo&nbsp;de 2026 March 27th, 2026 PURETi Coat 4.0 Visible Light Resistencia a lavados \u00a1Las pruebas lo confirman! La capacidad fotocal\u00edtica de PURETi Coat 4.0 Visible Light&nbsp;&nbsp;es resistente al lavado.&nbsp; Hemos realizado diversos tests de actividad fotocal\u00edtica seg\u00fan la&nbsp;norma internacional ISO 21066:2018 y con metodolog\u00eda seguida por ColorMeter con excelentes resultados.<\/p>\n\t\t<\/div>\n\t\t\n\t\t<a class=\"elementor-post__read-more\" href=\"https:\/\/pureti.es\/en\/resistencia-al-lavado\/\" aria-label=\"Read more about Resistencia al Lavado\" tabindex=\"-1\">\n\t\t\tLeer m\u00e1s \u00bb\t\t<\/a>\n\n\t\t\t\t<\/div>\n\t\t\t\t<\/article>\n\t\t\t\t<article class=\"elementor-post elementor-grid-item post-6503 post type-post status-publish format-standard has-post-thumbnail hentry category-newsletter entry has-media\" role=\"listitem\">\n\t\t\t\t<a class=\"elementor-post__thumbnail__link\" href=\"https:\/\/pureti.es\/en\/teloni-tosetto-pureti\/\" tabindex=\"-1\">\n\t\t\t<div class=\"elementor-post__thumbnail\"><img fetchpriority=\"high\" decoding=\"async\" width=\"600\" height=\"184\" src=\"https:\/\/pureti.es\/wp-content\/uploads\/2023\/12\/5bca79e2-f719-4a10-a1a3-a304b982f83c.jpg\" class=\"attachment-medium size-medium wp-image-5823\" alt=\"\" srcset=\"https:\/\/pureti.es\/wp-content\/uploads\/2023\/12\/5bca79e2-f719-4a10-a1a3-a304b982f83c.jpg 600w, https:\/\/pureti.es\/wp-content\/uploads\/2023\/12\/5bca79e2-f719-4a10-a1a3-a304b982f83c-150x46.jpg 150w, https:\/\/pureti.es\/wp-content\/uploads\/2023\/12\/5bca79e2-f719-4a10-a1a3-a304b982f83c-18x6.jpg 18w\" sizes=\"(max-width: 600px) 100vw, 600px\" \/><\/div>\n\t\t<\/a>\n\t\t\t\t<div class=\"elementor-post__text\">\n\t\t\t\t<h3 class=\"elementor-post__title\">\n\t\t\t<a href=\"https:\/\/pureti.es\/en\/teloni-tosetto-pureti\/\">\n\t\t\t\tTeloni Tosetto + PURETi\t\t\t<\/a>\n\t\t<\/h3>\n\t\t\t\t<div class=\"elementor-post__meta-data\">\n\t\t\t\t\t<span class=\"elementor-post-date\">\n\t\t\t03\/02\/2026\t\t<\/span>\n\t\t\t\t<\/div>\n\t\t\t\t<div class=\"elementor-post__excerpt\">\n\t\t\t<p>Teloni Tosetto + PURETi 03 de febrero&nbsp;de 2026 February 3rd, 2026 Teloni Tosetto + PURETi La exposici\u00f3n a los rayos UV, la lluvia y las inclemencias del tiempo pueden alterar los colores de los toldos laterales, especialmente los m\u00e1s claros o muy saturados. Con el tratamiento Pureti, puedes mantener el color durante m\u00e1s tiempo: la fotocat\u00e1lisis activa crea una barrera<\/p>\n\t\t<\/div>\n\t\t\n\t\t<a class=\"elementor-post__read-more\" href=\"https:\/\/pureti.es\/en\/teloni-tosetto-pureti\/\" aria-label=\"Read more about Teloni Tosetto + PURETi\" tabindex=\"-1\">\n\t\t\tLeer m\u00e1s \u00bb\t\t<\/a>\n\n\t\t\t\t<\/div>\n\t\t\t\t<\/article>\n\t\t\t\t<article class=\"elementor-post elementor-grid-item post-6496 post type-post status-publish format-standard has-post-thumbnail hentry category-newsletter entry has-media\" role=\"listitem\">\n\t\t\t\t<a class=\"elementor-post__thumbnail__link\" href=\"https:\/\/pureti.es\/en\/giopuretex-by-giovanardi-pureti\/\" tabindex=\"-1\">\n\t\t\t<div class=\"elementor-post__thumbnail\"><img fetchpriority=\"high\" decoding=\"async\" width=\"600\" height=\"184\" src=\"https:\/\/pureti.es\/wp-content\/uploads\/2023\/12\/5bca79e2-f719-4a10-a1a3-a304b982f83c.jpg\" class=\"attachment-medium size-medium wp-image-5823\" alt=\"\" srcset=\"https:\/\/pureti.es\/wp-content\/uploads\/2023\/12\/5bca79e2-f719-4a10-a1a3-a304b982f83c.jpg 600w, https:\/\/pureti.es\/wp-content\/uploads\/2023\/12\/5bca79e2-f719-4a10-a1a3-a304b982f83c-150x46.jpg 150w, https:\/\/pureti.es\/wp-content\/uploads\/2023\/12\/5bca79e2-f719-4a10-a1a3-a304b982f83c-18x6.jpg 18w\" sizes=\"(max-width: 600px) 100vw, 600px\" \/><\/div>\n\t\t<\/a>\n\t\t\t\t<div class=\"elementor-post__text\">\n\t\t\t\t<h3 class=\"elementor-post__title\">\n\t\t\t<a href=\"https:\/\/pureti.es\/en\/giopuretex-by-giovanardi-pureti\/\">\n\t\t\t\tGiopuretex\u00ae by Giovanardi + PURETi\t\t\t<\/a>\n\t\t<\/h3>\n\t\t\t\t<div class=\"elementor-post__meta-data\">\n\t\t\t\t\t<span class=\"elementor-post-date\">\n\t\t\t17\/12\/2025\t\t<\/span>\n\t\t\t\t<\/div>\n\t\t\t\t<div class=\"elementor-post__excerpt\">\n\t\t\t<p>Giopuretex\u00ae by Giovanardi + PURETi 17&nbsp;de diciembre&nbsp;de 2025 December 17th, 2025 Giopuretex\u00ae&nbsp;by Giovanardi&nbsp;+ PURETi Durante el Fespa Day, celebrado ayer en Mil\u00e1n, presentamos el proyecto Niguarda, que transforma una obra en una gran envolvente sostenible. &nbsp; Gracias al tratamiento fotocatal\u00edtico #Giopuretex\u00ae, la pared textil que recubre los andamios del hospital contribuye activamente a mejorar la calidad del aire, adem\u00e1s de<\/p>\n\t\t<\/div>\n\t\t\n\t\t<a class=\"elementor-post__read-more\" href=\"https:\/\/pureti.es\/en\/giopuretex-by-giovanardi-pureti\/\" aria-label=\"Read more about Giopuretex\u00ae by Giovanardi + PURETi\" tabindex=\"-1\">\n\t\t\tLeer m\u00e1s \u00bb\t\t<\/a>\n\n\t\t\t\t<\/div>\n\t\t\t\t<\/article>\n\t\t\t\t<article class=\"elementor-post elementor-grid-item post-6483 post type-post status-publish format-standard has-post-thumbnail hentry category-newsletter entry has-media\" role=\"listitem\">\n\t\t\t\t<a class=\"elementor-post__thumbnail__link\" href=\"https:\/\/pureti.es\/en\/endutex-iberica-y-volvo-car-czech-republic\/\" tabindex=\"-1\">\n\t\t\t<div class=\"elementor-post__thumbnail\"><img fetchpriority=\"high\" decoding=\"async\" width=\"600\" height=\"184\" src=\"https:\/\/pureti.es\/wp-content\/uploads\/2023\/12\/5bca79e2-f719-4a10-a1a3-a304b982f83c.jpg\" class=\"attachment-medium size-medium wp-image-5823\" alt=\"\" srcset=\"https:\/\/pureti.es\/wp-content\/uploads\/2023\/12\/5bca79e2-f719-4a10-a1a3-a304b982f83c.jpg 600w, https:\/\/pureti.es\/wp-content\/uploads\/2023\/12\/5bca79e2-f719-4a10-a1a3-a304b982f83c-150x46.jpg 150w, https:\/\/pureti.es\/wp-content\/uploads\/2023\/12\/5bca79e2-f719-4a10-a1a3-a304b982f83c-18x6.jpg 18w\" sizes=\"(max-width: 600px) 100vw, 600px\" \/><\/div>\n\t\t<\/a>\n\t\t\t\t<div class=\"elementor-post__text\">\n\t\t\t\t<h3 class=\"elementor-post__title\">\n\t\t\t<a href=\"https:\/\/pureti.es\/en\/endutex-iberica-y-volvo-car-czech-republic\/\">\n\t\t\t\tEndutex Ib\u00e9rica y Volvo Car Czech Republic\t\t\t<\/a>\n\t\t<\/h3>\n\t\t\t\t<div class=\"elementor-post__meta-data\">\n\t\t\t\t\t<span class=\"elementor-post-date\">\n\t\t\t11\/12\/2025\t\t<\/span>\n\t\t\t\t<\/div>\n\t\t\t\t<div class=\"elementor-post__excerpt\">\n\t\t\t<p>Endutex Ib\u00e9rica y Volvo Car Czech Republic: una alianza internacional que respira sostenibilidad 11 de diciembre&nbsp;de 2025 December 11th, 2025 Endutex Ib\u00e9rica y Volvo Car Czech Republic: una alianza internacional que respira sostenibilidad En un mundo donde la calidad del aire se ha convertido en uno de los mayores retos urbanos, las acciones innovadoras y responsables adquieren un valor incalculable.<\/p>\n\t\t<\/div>\n\t\t\n\t\t<a class=\"elementor-post__read-more\" href=\"https:\/\/pureti.es\/en\/endutex-iberica-y-volvo-car-czech-republic\/\" aria-label=\"Read more about Endutex Ib\u00e9rica y Volvo Car Czech Republic\" tabindex=\"-1\">\n\t\t\tLeer m\u00e1s \u00bb\t\t<\/a>\n\n\t\t\t\t<\/div>\n\t\t\t\t<\/article>\n\t\t\t\t<article class=\"elementor-post elementor-grid-item post-6480 post type-post status-publish format-standard has-post-thumbnail hentry category-newsletter entry has-media\" role=\"listitem\">\n\t\t\t\t<a class=\"elementor-post__thumbnail__link\" href=\"https:\/\/pureti.es\/en\/fiestas-holidays-2025\/\" tabindex=\"-1\">\n\t\t\t<div class=\"elementor-post__thumbnail\"><img fetchpriority=\"high\" decoding=\"async\" width=\"600\" height=\"184\" src=\"https:\/\/pureti.es\/wp-content\/uploads\/2023\/12\/5bca79e2-f719-4a10-a1a3-a304b982f83c.jpg\" class=\"attachment-medium size-medium wp-image-5823\" alt=\"\" srcset=\"https:\/\/pureti.es\/wp-content\/uploads\/2023\/12\/5bca79e2-f719-4a10-a1a3-a304b982f83c.jpg 600w, https:\/\/pureti.es\/wp-content\/uploads\/2023\/12\/5bca79e2-f719-4a10-a1a3-a304b982f83c-150x46.jpg 150w, https:\/\/pureti.es\/wp-content\/uploads\/2023\/12\/5bca79e2-f719-4a10-a1a3-a304b982f83c-18x6.jpg 18w\" sizes=\"(max-width: 600px) 100vw, 600px\" \/><\/div>\n\t\t<\/a>\n\t\t\t\t<div class=\"elementor-post__text\">\n\t\t\t\t<h3 class=\"elementor-post__title\">\n\t\t\t<a href=\"https:\/\/pureti.es\/en\/fiestas-holidays-2025\/\">\n\t\t\t\tFIESTAS \/ HOLIDAYS 2025\t\t\t<\/a>\n\t\t<\/h3>\n\t\t\t\t<div class=\"elementor-post__meta-data\">\n\t\t\t\t\t<span class=\"elementor-post-date\">\n\t\t\t04\/12\/2025\t\t<\/span>\n\t\t\t\t<\/div>\n\t\t\t\t<div class=\"elementor-post__excerpt\">\n\t\t\t<p>FIESTAS \/ HOLIDAYS 04&nbsp;de diciembre&nbsp;de 2025 December 04th, 2025 Fiestas&nbsp;\/ Holidays &nbsp; Estimado Cliente, Les comunicamos que por motivo de las fiestas nuestra compa\u00f1\u00eda cerrar\u00e1&nbsp;las oficinas&nbsp;del 22&nbsp;de diciembre&nbsp;al 06&nbsp;de enero ambos inclusive. Los pedidos programados para ser enviados en este periodo ser\u00e1n servidos con normalidad por nuestro operador log\u00edstico. Cualquier urgencia, por favor llamar a Joaqu\u00edn&nbsp;Piserra +34 649 87 46<\/p>\n\t\t<\/div>\n\t\t\n\t\t<a class=\"elementor-post__read-more\" href=\"https:\/\/pureti.es\/en\/fiestas-holidays-2025\/\" aria-label=\"Read more about FIESTAS \/ HOLIDAYS 2025\" tabindex=\"-1\">\n\t\t\tLeer m\u00e1s \u00bb\t\t<\/a>\n\n\t\t\t\t<\/div>\n\t\t\t\t<\/article>\n\t\t\t\t<article class=\"elementor-post elementor-grid-item post-6478 post type-post status-publish format-standard has-post-thumbnail hentry category-newsletter entry has-media\" role=\"listitem\">\n\t\t\t\t<a class=\"elementor-post__thumbnail__link\" href=\"https:\/\/pureti.es\/en\/fleetshield-pureti-en-el-transporte-publico-y-mobiliario-urbano\/\" tabindex=\"-1\">\n\t\t\t<div class=\"elementor-post__thumbnail\"><img fetchpriority=\"high\" decoding=\"async\" width=\"600\" height=\"184\" src=\"https:\/\/pureti.es\/wp-content\/uploads\/2023\/12\/5bca79e2-f719-4a10-a1a3-a304b982f83c.jpg\" class=\"attachment-medium size-medium wp-image-5823\" alt=\"\" srcset=\"https:\/\/pureti.es\/wp-content\/uploads\/2023\/12\/5bca79e2-f719-4a10-a1a3-a304b982f83c.jpg 600w, https:\/\/pureti.es\/wp-content\/uploads\/2023\/12\/5bca79e2-f719-4a10-a1a3-a304b982f83c-150x46.jpg 150w, https:\/\/pureti.es\/wp-content\/uploads\/2023\/12\/5bca79e2-f719-4a10-a1a3-a304b982f83c-18x6.jpg 18w\" sizes=\"(max-width: 600px) 100vw, 600px\" \/><\/div>\n\t\t<\/a>\n\t\t\t\t<div class=\"elementor-post__text\">\n\t\t\t\t<h3 class=\"elementor-post__title\">\n\t\t\t<a href=\"https:\/\/pureti.es\/en\/fleetshield-pureti-en-el-transporte-publico-y-mobiliario-urbano\/\">\n\t\t\t\tFLEETSHIELD &#8211; PURETi en el transporte p\u00fablico y mobiliario urbano\t\t\t<\/a>\n\t\t<\/h3>\n\t\t\t\t<div class=\"elementor-post__meta-data\">\n\t\t\t\t\t<span class=\"elementor-post-date\">\n\t\t\t12\/11\/2025\t\t<\/span>\n\t\t\t\t<\/div>\n\t\t\t\t<div class=\"elementor-post__excerpt\">\n\t\t\t<p>FLEETSHIELD &#8211; PURETi en el transporte p\u00fablico \/ PURETi on public transportation 12 de noviembre de 2025 12th November 2025 FLEETSHIELD &#8211; PURETi en el transporte p\u00fablico \/ PURETi on public transportations Fleetshield and PURETi Europe bring nanotechnology to trains, metros, trams and buses throughout Europe, making every treated surface actively purify the air. Durable, safe and proven to cut<\/p>\n\t\t<\/div>\n\t\t\n\t\t<a class=\"elementor-post__read-more\" href=\"https:\/\/pureti.es\/en\/fleetshield-pureti-en-el-transporte-publico-y-mobiliario-urbano\/\" aria-label=\"Read more about FLEETSHIELD &#8211; PURETi en el transporte p\u00fablico y mobiliario urbano\" tabindex=\"-1\">\n\t\t\tLeer m\u00e1s \u00bb\t\t<\/a>\n\n\t\t\t\t<\/div>\n\t\t\t\t<\/article>\n\t\t\t\t<article class=\"elementor-post elementor-grid-item post-6460 post type-post status-publish format-standard has-post-thumbnail hentry category-newsletter entry has-media\" role=\"listitem\">\n\t\t\t\t<a class=\"elementor-post__thumbnail__link\" href=\"https:\/\/pureti.es\/en\/en-zaragoza-las-marquesinas-purifican-el-aire-de-la-ciudad\/\" tabindex=\"-1\">\n\t\t\t<div class=\"elementor-post__thumbnail\"><img fetchpriority=\"high\" decoding=\"async\" width=\"600\" height=\"184\" src=\"https:\/\/pureti.es\/wp-content\/uploads\/2023\/12\/5bca79e2-f719-4a10-a1a3-a304b982f83c.jpg\" class=\"attachment-medium size-medium wp-image-5823\" alt=\"\" srcset=\"https:\/\/pureti.es\/wp-content\/uploads\/2023\/12\/5bca79e2-f719-4a10-a1a3-a304b982f83c.jpg 600w, https:\/\/pureti.es\/wp-content\/uploads\/2023\/12\/5bca79e2-f719-4a10-a1a3-a304b982f83c-150x46.jpg 150w, https:\/\/pureti.es\/wp-content\/uploads\/2023\/12\/5bca79e2-f719-4a10-a1a3-a304b982f83c-18x6.jpg 18w\" sizes=\"(max-width: 600px) 100vw, 600px\" \/><\/div>\n\t\t<\/a>\n\t\t\t\t<div class=\"elementor-post__text\">\n\t\t\t\t<h3 class=\"elementor-post__title\">\n\t\t\t<a href=\"https:\/\/pureti.es\/en\/en-zaragoza-las-marquesinas-purifican-el-aire-de-la-ciudad\/\">\n\t\t\t\tEn Zaragoza las marquesinas purifican el aire de la ciudad\t\t\t<\/a>\n\t\t<\/h3>\n\t\t\t\t<div class=\"elementor-post__meta-data\">\n\t\t\t\t\t<span class=\"elementor-post-date\">\n\t\t\t09\/09\/2025\t\t<\/span>\n\t\t\t\t<\/div>\n\t\t\t\t<div class=\"elementor-post__excerpt\">\n\t\t\t<p>En Zaragoza las marquesinas purifican el aire de la ciudad \/ In Zaragoza, bus shelters purify the city\u2019s air 09 de septiembre&nbsp;de 2025 September 09th, 2025 En Zaragoza las marquesinas purifican el aire de la ciudad: su efecto beneficioso equivale al de 12 \u00e1rboles adultos &nbsp; La intenci\u00f3n era clara: mejorar las ciudades y la vida de las personas a<\/p>\n\t\t<\/div>\n\t\t\n\t\t<a class=\"elementor-post__read-more\" href=\"https:\/\/pureti.es\/en\/en-zaragoza-las-marquesinas-purifican-el-aire-de-la-ciudad\/\" aria-label=\"Read more about En Zaragoza las marquesinas purifican el aire de la ciudad\" tabindex=\"-1\">\n\t\t\tLeer m\u00e1s \u00bb\t\t<\/a>\n\n\t\t\t\t<\/div>\n\t\t\t\t<\/article>\n\t\t\t\t<article class=\"elementor-post elementor-grid-item post-6458 post type-post status-publish format-standard has-post-thumbnail hentry category-newsletter entry has-media\" role=\"listitem\">\n\t\t\t\t<a class=\"elementor-post__thumbnail__link\" href=\"https:\/\/pureti.es\/en\/la-exposicion-prolongada-a-la-contaminacion-del-aire-exterior-eleva-el-riesgo-de-demencia\/\" tabindex=\"-1\">\n\t\t\t<div class=\"elementor-post__thumbnail\"><img fetchpriority=\"high\" decoding=\"async\" width=\"600\" height=\"184\" src=\"https:\/\/pureti.es\/wp-content\/uploads\/2023\/12\/5bca79e2-f719-4a10-a1a3-a304b982f83c.jpg\" class=\"attachment-medium size-medium wp-image-5823\" alt=\"\" srcset=\"https:\/\/pureti.es\/wp-content\/uploads\/2023\/12\/5bca79e2-f719-4a10-a1a3-a304b982f83c.jpg 600w, https:\/\/pureti.es\/wp-content\/uploads\/2023\/12\/5bca79e2-f719-4a10-a1a3-a304b982f83c-150x46.jpg 150w, https:\/\/pureti.es\/wp-content\/uploads\/2023\/12\/5bca79e2-f719-4a10-a1a3-a304b982f83c-18x6.jpg 18w\" sizes=\"(max-width: 600px) 100vw, 600px\" \/><\/div>\n\t\t<\/a>\n\t\t\t\t<div class=\"elementor-post__text\">\n\t\t\t\t<h3 class=\"elementor-post__title\">\n\t\t\t<a href=\"https:\/\/pureti.es\/en\/la-exposicion-prolongada-a-la-contaminacion-del-aire-exterior-eleva-el-riesgo-de-demencia\/\">\n\t\t\t\tLa exposici\u00f3n prolongada a la contaminaci\u00f3n del aire exterior eleva el riesgo de demencia\t\t\t<\/a>\n\t\t<\/h3>\n\t\t\t\t<div class=\"elementor-post__meta-data\">\n\t\t\t\t\t<span class=\"elementor-post-date\">\n\t\t\t29\/07\/2025\t\t<\/span>\n\t\t\t\t<\/div>\n\t\t\t\t<div class=\"elementor-post__excerpt\">\n\t\t\t<p>La exposici\u00f3n prolongada a la contaminaci\u00f3n del aire exterior eleva el riesgo de demencia 29 de julio de 2025 July 29th, 2025 La exposici\u00f3n prolongada a la contaminaci\u00f3n del aire exterior eleva el riesgo de demencia &nbsp; Reducir la contaminaci\u00f3n atmosf\u00e9rica no solo tendr\u00eda efectos positivos sobre el clima, sino tambi\u00e9n beneficios sanitarios, sociales y econ\u00f3micos duraderos. Un reciente an\u00e1lisis<\/p>\n\t\t<\/div>\n\t\t\n\t\t<a class=\"elementor-post__read-more\" href=\"https:\/\/pureti.es\/en\/la-exposicion-prolongada-a-la-contaminacion-del-aire-exterior-eleva-el-riesgo-de-demencia\/\" aria-label=\"Read more about La exposici\u00f3n prolongada a la contaminaci\u00f3n del aire exterior eleva el riesgo de demencia\" tabindex=\"-1\">\n\t\t\tLeer m\u00e1s \u00bb\t\t<\/a>\n\n\t\t\t\t<\/div>\n\t\t\t\t<\/article>\n\t\t\t\t<article class=\"elementor-post elementor-grid-item post-6457 post type-post status-publish format-standard has-post-thumbnail hentry category-newsletter entry has-media\" role=\"listitem\">\n\t\t\t\t<a class=\"elementor-post__thumbnail__link\" href=\"https:\/\/pureti.es\/en\/photocatalytic-activity-tester\/\" tabindex=\"-1\">\n\t\t\t<div class=\"elementor-post__thumbnail\"><img fetchpriority=\"high\" decoding=\"async\" width=\"600\" height=\"184\" src=\"https:\/\/pureti.es\/wp-content\/uploads\/2023\/12\/5bca79e2-f719-4a10-a1a3-a304b982f83c.jpg\" class=\"attachment-medium size-medium wp-image-5823\" alt=\"\" srcset=\"https:\/\/pureti.es\/wp-content\/uploads\/2023\/12\/5bca79e2-f719-4a10-a1a3-a304b982f83c.jpg 600w, https:\/\/pureti.es\/wp-content\/uploads\/2023\/12\/5bca79e2-f719-4a10-a1a3-a304b982f83c-150x46.jpg 150w, https:\/\/pureti.es\/wp-content\/uploads\/2023\/12\/5bca79e2-f719-4a10-a1a3-a304b982f83c-18x6.jpg 18w\" sizes=\"(max-width: 600px) 100vw, 600px\" \/><\/div>\n\t\t<\/a>\n\t\t\t\t<div class=\"elementor-post__text\">\n\t\t\t\t<h3 class=\"elementor-post__title\">\n\t\t\t<a href=\"https:\/\/pureti.es\/en\/photocatalytic-activity-tester\/\">\n\t\t\t\tPHOTOCATALYTIC ACTIVITY TESTER\t\t\t<\/a>\n\t\t<\/h3>\n\t\t\t\t<div class=\"elementor-post__meta-data\">\n\t\t\t\t\t<span class=\"elementor-post-date\">\n\t\t\t23\/07\/2025\t\t<\/span>\n\t\t\t\t<\/div>\n\t\t\t\t<div class=\"elementor-post__excerpt\">\n\t\t\t<p>PHOTOCATALYTIC ACTIVITY TESTER 23 de Julio&nbsp;de 2025 July 23th, 2025 Desde Nanoair nos complace anunciarles el lanzamiento de nuestro \u00abPhotocatalytic Activity Tester\u00bb DESCARGAR PDF VIDEO TUTORIAL Nanoair is pleased to announce the launch of our \u00abPhotocatalytic Activity Tester\u00bb. DOWNLOAD PDF TUTORIAL VIDEO De acuerdo con la nueva ley RGPD, si quieres continuar recibiendo nuestro correo electr\u00f3nico, necesita:&nbsp;Actualizar tus datos&nbsp;o si<\/p>\n\t\t<\/div>\n\t\t\n\t\t<a class=\"elementor-post__read-more\" href=\"https:\/\/pureti.es\/en\/photocatalytic-activity-tester\/\" aria-label=\"Read more about PHOTOCATALYTIC ACTIVITY TESTER\" tabindex=\"-1\">\n\t\t\tLeer m\u00e1s \u00bb\t\t<\/a>\n\n\t\t\t\t<\/div>\n\t\t\t\t<\/article>\n\t\t\t\t<\/div>\n\t\t\n\t\t\t\t<div class=\"e-load-more-anchor\" data-page=\"1\" data-max-page=\"7\" data-next-page=\"https:\/\/pureti.es\/en\/wp-json\/wp\/v2\/pages\/5737\/page\/2\/\"><\/div>\n\t\t\t\t<nav class=\"elementor-pagination\" aria-label=\"Pagination\">\n\t\t\t<span aria-current=\"page\" class=\"page-numbers current\"><span class=\"elementor-screen-only\">Page<\/span>1<\/span>\n<a class=\"page-numbers\" href=\"https:\/\/pureti.es\/en\/wp-json\/wp\/v2\/pages\/5737\/page\/2\/\"><span class=\"elementor-screen-only\">Page<\/span>2<\/a>\n<a class=\"page-numbers\" href=\"https:\/\/pureti.es\/en\/wp-json\/wp\/v2\/pages\/5737\/page\/3\/\"><span class=\"elementor-screen-only\">Page<\/span>3<\/a>\n<a class=\"page-numbers\" href=\"https:\/\/pureti.es\/en\/wp-json\/wp\/v2\/pages\/5737\/page\/4\/\"><span class=\"elementor-screen-only\">Page<\/span>4<\/a>\n<a class=\"page-numbers\" href=\"https:\/\/pureti.es\/en\/wp-json\/wp\/v2\/pages\/5737\/page\/5\/\"><span class=\"elementor-screen-only\">Page<\/span>5<\/a>\t\t<\/nav>\n\t\t\t\t\t\t<\/div>\n\t\t\t\t<\/div>\n\t\t\t\t\t<\/div>\n\t\t<\/div>\n\t\t\t\t\t<\/div>\n\t\t<\/section>\n\t\t\t\t<\/div>","protected":false},"excerpt":{"rendered":"<p>Previous Newsletters<\/p>","protected":false},"author":2,"featured_media":0,"parent":0,"menu_order":0,"comment_status":"closed","ping_status":"closed","template":"elementor_header_footer","meta":{"ocean_post_layout":"","ocean_both_sidebars_style":"","ocean_both_sidebars_content_width":0,"ocean_both_sidebars_sidebars_width":0,"ocean_sidebar":"","ocean_second_sidebar":"","ocean_disable_margins":"enable","ocean_add_body_class":"","ocean_shortcode_before_top_bar":"","ocean_shortcode_after_top_bar":"","ocean_shortcode_before_header":"","ocean_shortcode_after_header":"","ocean_has_shortcode":"","ocean_shortcode_after_title":"","ocean_shortcode_before_footer_widgets":"","ocean_shortcode_after_footer_widgets":"","ocean_shortcode_before_footer_bottom":"","ocean_shortcode_after_footer_bottom":"","ocean_display_top_bar":"default","ocean_display_header":"default","ocean_header_style":"","ocean_center_header_left_menu":"","ocean_custom_header_template":"","ocean_custom_logo":0,"ocean_custom_retina_logo":0,"ocean_custom_logo_max_width":0,"ocean_custom_logo_tablet_max_width":0,"ocean_custom_logo_mobile_max_width":0,"ocean_custom_logo_max_height":0,"ocean_custom_logo_tablet_max_height":0,"ocean_custom_logo_mobile_max_height":0,"ocean_header_custom_menu":"","ocean_menu_typo_font_family":"","ocean_menu_typo_font_subset":"","ocean_menu_typo_font_size":0,"ocean_menu_typo_font_size_tablet":0,"ocean_menu_typo_font_size_mobile":0,"ocean_menu_typo_font_size_unit":"px","ocean_menu_typo_font_weight":"","ocean_menu_typo_font_weight_tablet":"","ocean_menu_typo_font_weight_mobile":"","ocean_menu_typo_transform":"","ocean_menu_typo_transform_tablet":"","ocean_menu_typo_transform_mobile":"","ocean_menu_typo_line_height":0,"ocean_menu_typo_line_height_tablet":0,"ocean_menu_typo_line_height_mobile":0,"ocean_menu_typo_line_height_unit":"","ocean_menu_typo_spacing":0,"ocean_menu_typo_spacing_tablet":0,"ocean_menu_typo_spacing_mobile":0,"ocean_menu_typo_spacing_unit":"","ocean_menu_link_color":"","ocean_menu_link_color_hover":"","ocean_menu_link_color_active":"","ocean_menu_link_background":"","ocean_menu_link_hover_background":"","ocean_menu_link_active_background":"","ocean_menu_social_links_bg":"","ocean_menu_social_hover_links_bg":"","ocean_menu_social_links_color":"","ocean_menu_social_hover_links_color":"","ocean_disable_title":"default","ocean_disable_heading":"default","ocean_post_title":"","ocean_post_subheading":"","ocean_post_title_style":"","ocean_post_title_background_color":"","ocean_post_title_background":0,"ocean_post_title_bg_image_position":"","ocean_post_title_bg_image_attachment":"","ocean_post_title_bg_image_repeat":"","ocean_post_title_bg_image_size":"","ocean_post_title_height":0,"ocean_post_title_bg_overlay":0.5,"ocean_post_title_bg_overlay_color":"","ocean_disable_breadcrumbs":"default","ocean_breadcrumbs_color":"","ocean_breadcrumbs_separator_color":"","ocean_breadcrumbs_links_color":"","ocean_breadcrumbs_links_hover_color":"","ocean_display_footer_widgets":"default","ocean_display_footer_bottom":"default","ocean_custom_footer_template":"","footnotes":""},"class_list":["post-5737","page","type-page","status-publish","hentry","entry","has-media"],"_links":{"self":[{"href":"https:\/\/pureti.es\/en\/wp-json\/wp\/v2\/pages\/5737","targetHints":{"allow":["GET"]}}],"collection":[{"href":"https:\/\/pureti.es\/en\/wp-json\/wp\/v2\/pages"}],"about":[{"href":"https:\/\/pureti.es\/en\/wp-json\/wp\/v2\/types\/page"}],"author":[{"embeddable":true,"href":"https:\/\/pureti.es\/en\/wp-json\/wp\/v2\/users\/2"}],"replies":[{"embeddable":true,"href":"https:\/\/pureti.es\/en\/wp-json\/wp\/v2\/comments?post=5737"}],"version-history":[{"count":23,"href":"https:\/\/pureti.es\/en\/wp-json\/wp\/v2\/pages\/5737\/revisions"}],"predecessor-version":[{"id":5953,"href":"https:\/\/pureti.es\/en\/wp-json\/wp\/v2\/pages\/5737\/revisions\/5953"}],"wp:attachment":[{"href":"https:\/\/pureti.es\/en\/wp-json\/wp\/v2\/media?parent=5737"}],"curies":[{"name":"wp","href":"https:\/\/api.w.org\/{rel}","templated":true}]}}